{"id":1529,"date":"2021-02-25T13:24:50","date_gmt":"2021-02-25T12:24:50","guid":{"rendered":"https:\/\/www.fight4sight.ch\/zuhoerbaenkli\/"},"modified":"2023-10-28T10:29:08","modified_gmt":"2023-10-28T08:29:08","slug":"zuhoerbaenkli","status":"publish","type":"page","link":"https:\/\/www.fight4sight.ch\/en\/zuhoerbaenkli\/","title":{"rendered":"Zuhoerbaenkli"},"content":{"rendered":"<h1 class=\"auszeichnung\">zuh&ouml;rb&auml;nkli<\/h1>\n<h2><strong>Ein Ort der Begegnung<\/strong><\/h2>\n<p><img loading=\"lazy\" decoding=\"async\" width=\"1024\" height=\"768\" class=\"full_size_img wp-image-2696\" src=\"https:\/\/www.fight4sight.ch\/wp\/wp-content\/uploads\/f4s_foto_zuhoerbaenkli@2x.jpg\" alt=\"Zuh\u00f6rb\u00e4nkli\" srcset=\"https:\/\/www.fight4sight.ch\/wp\/wp-content\/uploads\/f4s_foto_zuhoerbaenkli@2x.jpg 1024w, https:\/\/www.fight4sight.ch\/wp\/wp-content\/uploads\/f4s_foto_zuhoerbaenkli@2x-300x225.jpg 300w, https:\/\/www.fight4sight.ch\/wp\/wp-content\/uploads\/f4s_foto_zuhoerbaenkli@2x-768x576.jpg 768w\" sizes=\"auto, (max-width: 1024px) 100vw, 1024px\" \/><\/p>\n<h2>Setzen Sie sich und lassen Sie uns <strong>miteinander reden<\/strong><\/h2>\n<p><!-- <strong>Zuh\u00f6rzeiten<\/strong> <span class=\"roundedBtn\"><a href=\"https:\/\/www.fight4sight.ch\/zuhoerbaenkli\/zuhoerzeiten\/\" target=\"_self\" rel=\"noopener noreferrer\">Hier klicken<\/a><\/span> --><strong>Zuh\u00f6rzeiten<\/strong> <span class=\"roundedBtn\"><a href=\"https:\/\/www.fight4sight.ch\/wp\/wp-content\/uploads\/f4s_Zuhoerbaenkli_Winterpause_2022.pdf\" target=\"_blank\" rel=\"noopener noreferrer\">Hier klicken<\/a><\/span><\/p>\n<ul>\n<li><strong>M\u00f6chten Sie mit jemandem reden, ein sch\u00f6nes Ereignis teilen oder Ihre Sorgen platzieren?<\/strong><\/li>\n<li><strong>Wir h&ouml;ren Ihnen auf freiwilliger Basis zu und geben Ihnen Zeit und Raum f&uuml;r ein Gespr&auml;ch.<\/strong><\/li>\n<li><strong>Wir sind konfessionsunabh\u00e4ngig und neutral.<\/strong><\/li>\n<\/ul>\n<p>Selbstverst\u00e4ndlich behandeln wir Ihre Worte streng vertraulich, Sie entscheiden selbst, ob Sie uns Ihren Namen anvertrauen m\u00f6chten. <img loading=\"lazy\" decoding=\"async\" class=\"rounded alignleft wp-image-1099\" src=\"https:\/\/www.fight4sight.ch\/wp\/wp-content\/uploads\/zuhoerbaenkli_baenkli_medium@2x.jpg\" alt=\"Zuh\u00f6rb\u00e4nkli\" width=\"256\" height=\"192\" srcset=\"https:\/\/www.fight4sight.ch\/wp\/wp-content\/uploads\/zuhoerbaenkli_baenkli_medium@2x.jpg 594w, https:\/\/www.fight4sight.ch\/wp\/wp-content\/uploads\/zuhoerbaenkli_baenkli_medium@2x-300x225.jpg 300w\" sizes=\"auto, (max-width: 256px) 100vw, 256px\" \/>F\u00fcr die Gespr\u00e4che mit Ihnen haben wir zusammen mit der Lindenhofgruppe im Park des Lindenhofspitals ein besonderes B\u00e4nkli platziert. Unsere freiwillig Engagierten nehmen darauf regelm\u00e4ssig Platz und h\u00f6ren zu. Ausstaffiert mit Zeichnungen von Kindern aus den Kitas und Waldkitas Lindenhof und Murifeld strahlt das Zuh\u00f6rb\u00e4nkli Herzlichkeit und Freude aus. Hier k\u00f6nnen Sie Platz nehmen und erz\u00e4hlen, was Ihnen auf dem Herzen liegt.<\/p>\n<p>Sollte das Zuh\u00f6rb\u00e4nkli nicht besetzt sein, Sie aber dringend ein Gespr\u00e4ch w\u00fcnschen, haben Sie die M\u00f6glichkeit uns auch ausserhalb der Zuh\u00f6rzeiten \u00fcber die <strong>Telefonnummer 031 560 00 88<\/strong> zu erreichen.<\/p>\n<ul>\n<li><strong>Wo:<\/strong> In der Parkanlage des Lindenhofspitals, Bremgartenstrasse 117, 3012 Bern<\/li>\n<li><strong>W&auml;hrend der Wintermonate<\/strong> (ca. November- M\u00e4rz)  steht Ihnen das Angebot von <em><strong>malreden<\/strong><\/em> zur Verf\u00fcgung. <em><strong>malreden<\/strong><\/em> gibt Menschen die M\u00f6glichkeit, sich mit einem einf\u00fchlsamen Gegen\u00fcber einfach mal auszutauschen und ein wenig Alltag, Sorgen und Freuden zu teilen. Telefonisch. Vertraulich. Kostenlos.<\/li>\n<li>T\u00e4glich von 9 bis 20h \/ 0800 890 890<\/li>\n<\/ul>\n<p>Wir freuen uns auf offene Begegnungen und sch\u00f6ne Gespr\u00e4che mit Ihnen.<\/p>\n<p><span class=\"roundedBtn\"><a href=\"https:\/\/www.fight4sight.ch\/wp\/wp-content\/uploads\/f4s_Zuhoerbaenkli_Angebot_4_Seiten.pdf\" target=\"_blank\" rel=\"noopener noreferrer\">PDF lesen<\/a><\/span><\/p>\n<div style=\"height:45px\"><\/div>\n<div id=\"insight_bericht_container\">\n<div style=\"width:200px;padding-right:16px;\"><img loading=\"lazy\" decoding=\"async\" class=\"rounded wp-image-1056\" src=\"https:\/\/www.fight4sight.ch\/wp\/wp-content\/uploads\/thumbnail_zuhoerbaenkli@2x.jpg\" alt=\"Wir suchen Freiwillige\" width=\"128\" height=\"96\"\/><\/div>\n<div style=\"width:100%;\"><strong>Ein offenes Ohr<\/strong> Hast Du Interesse anderen Menschen zuzuh\u00f6ren, was sie auf dem Herzen haben?<\/p>\n<p><span class=\"roundedBtn\"><a href=\"https:\/\/www.fight4sight.ch\/wp\/wp-content\/uploads\/Fight4Sight_Zuhoerbaenkli_Freiwillige.pdf\" target=\"_blank\" rel=\"noopener noreferrer\">Wir suchen Freiwillige<\/a><\/span><\/div>\n<\/div>\n<div style=\"height: 45px;\"><\/div>\n<div class=\"arrowLink\"><a href=\"https:\/\/www.fight4sight.ch\/en\/projekte\/all-projects\/\">Schaffen Sie sich einen &Uuml;berblick, wen wir unterst&uuml;tzen.<\/a><\/div>\n<div style=\"height: 27px;\"><\/div>\n<p style=\"text-align: right;\"><span class=\"blackSpan\"><a href=\"https:\/\/www.fight4sight.ch\/en\/donate-now\/spendenformular\/\">Online spenden<\/a><\/span><\/p>\n<p>&nbsp;<\/p>\n","protected":false},"excerpt":{"rendered":"<p>zuh&ouml;rb&auml;nkli Ein Ort der Begegnung Setzen Sie sich und lassen Sie uns miteinander reden Zuh\u00f6rzeiten Hier klicken M\u00f6chten Sie mit jemandem reden, ein sch\u00f6nes Ereignis teilen oder Ihre Sorgen platzieren? Wir h&ouml;ren Ihnen auf freiwilliger Basis zu und geben Ihnen Zeit und Raum f&uuml;r ein Gespr&auml;ch. Wir sind konfessionsunabh\u00e4ngig und neutral. Selbstverst\u00e4ndlich behandeln wir Ihre<a class=\"excerpt-read-more\" href=\"https:\/\/www.fight4sight.ch\/en\/zuhoerbaenkli\/\" title=\"ReadZuhoerbaenkli\">&#8230; Read more &raquo;<\/a><\/p>\n","protected":false},"author":3,"featured_media":0,"parent":0,"menu_order":21,"comment_status":"closed","ping_status":"closed","template":"template-full-width.php","meta":{"_acf_changed":false,"footnotes":""},"class_list":["post-1529","page","type-page","status-publish","hentry"],"acf":[],"_links":{"self":[{"href":"https:\/\/www.fight4sight.ch\/en\/wp-json\/wp\/v2\/pages\/1529","targetHints":{"allow":["GET"]}}],"collection":[{"href":"https:\/\/www.fight4sight.ch\/en\/wp-json\/wp\/v2\/pages"}],"about":[{"href":"https:\/\/www.fight4sight.ch\/en\/wp-json\/wp\/v2\/types\/page"}],"author":[{"embeddable":true,"href":"https:\/\/www.fight4sight.ch\/en\/wp-json\/wp\/v2\/users\/3"}],"replies":[{"embeddable":true,"href":"https:\/\/www.fight4sight.ch\/en\/wp-json\/wp\/v2\/comments?post=1529"}],"version-history":[{"count":17,"href":"https:\/\/www.fight4sight.ch\/en\/wp-json\/wp\/v2\/pages\/1529\/revisions"}],"predecessor-version":[{"id":3776,"href":"https:\/\/www.fight4sight.ch\/en\/wp-json\/wp\/v2\/pages\/1529\/revisions\/3776"}],"wp:attachment":[{"href":"https:\/\/www.fight4sight.ch\/en\/wp-json\/wp\/v2\/media?parent=1529"}],"curies":[{"name":"wp","href":"https:\/\/api.w.org\/{rel}","templated":true}]}}